{"id":9,"date":"2011-04-18T14:47:01","date_gmt":"2011-04-18T17:47:01","guid":{"rendered":"http:\/\/www.ifbaiano.edu.br\/portal\/discente20112\/?page_id=9"},"modified":"2016-01-06T14:52:46","modified_gmt":"2016-01-06T14:52:46","slug":"coluna2","status":"publish","type":"page","link":"https:\/\/concurso.ifbaiano.edu.br\/portal\/tutores20151\/pagina-inicial\/coluna2\/","title":{"rendered":"oluna 2 &#8211; Informa\u00e7\u00f5es"},"content":{"rendered":"<p>06\/01\/2015 &#8211; <a href=\"http:\/\/concurso.ifbaiano.edu.br\/portal\/tutores20151\/wp-content\/uploads\/sites\/19\/2011\/04\/Nota-anulacao-Candidata.pdf\">Nota de Anula\u00e7\u00e3o<\/a>\u00a0<strong>(NOVO) \u00a0<a href=\"http:\/\/concurso.ifbaiano.edu.br\/portal\/tutores20151\/wp-content\/uploads\/sites\/19\/2011\/04\/Nota-anulacao-Candidata.pdf\"><br \/>\n<\/a><\/strong><\/p>\n<p>18\/12\/2015 &#8211; <a href=\"http:\/\/concurso.ifbaiano.edu.br\/portal\/tutores20151\/wp-content\/uploads\/sites\/19\/2011\/04\/Nota-Convova\u00e7\u00e3o-3.pdf\">Nota Convoca\u00e7\u00e3o N\u00ba.3\u00a0<\/a><\/p>\n<p>04\/12\/2015 &#8211; <a href=\"http:\/\/concurso.ifbaiano.edu.br\/portal\/tutores20151\/wp-content\/uploads\/sites\/19\/2011\/04\/Nota-Explicativa-4.pdf\">Nota Explicativa 4<\/a><\/p>\n<p>01\/12\/2015 &#8211; <a href=\"http:\/\/concurso.ifbaiano.edu.br\/portal\/tutores20151\/wp-content\/uploads\/sites\/19\/2011\/04\/Nota-Convova\u00e7\u00e3o-2.pdf\">Nota Convova\u00e7\u00e3o 2<\/a><\/p>\n<p>25\/11\/2015 &#8211; <a href=\"http:\/\/concurso.ifbaiano.edu.br\/portal\/tutores20151\/wp-content\/uploads\/sites\/19\/2011\/04\/Nota-Convova\u00e7\u00e3o.pdf\">Nota Convoca\u00e7\u00e3o<\/a><\/p>\n<p>24\/11\/2015 &#8211; <a href=\"http:\/\/concurso.ifbaiano.edu.br\/portal\/tutores20151\/wp-content\/uploads\/sites\/19\/2011\/04\/Nota-Explicativa31.pdf\">Nota Explicativa <\/a><\/p>\n<p>13\/11\/2015 &#8211; <strong><a href=\"http:\/\/concurso.ifbaiano.edu.br\/portal\/tutores20151\/wp-content\/uploads\/sites\/19\/2011\/04\/Nota-Explicativa21.pdf\">Nota Explicativa <\/a><br \/>\n<\/strong><\/p>\n<p>21\/10\/2015 <strong><a href=\"http:\/\/concurso.ifbaiano.edu.br\/portal\/tutores20151\/wp-content\/uploads\/sites\/19\/2011\/04\/resultado.convoca\u00e7\u00e3o.classifica\u00e7\u00e3o_geral_21_10_2015.pdf\">Convite aos Candidatos da Lista de Classifica\u00e7\u00e3o Geral<\/a><\/strong><\/p>\n<p>&nbsp;<\/p>\n<p>21\/10\/2015 <strong><a href=\"http:\/\/concurso.ifbaiano.edu.br\/portal\/tutores20151\/wp-content\/uploads\/sites\/19\/2011\/04\/Orienta\u00e7\u00f5es-Convocados-2\u00ba-Lista.pdf\">Orienta\u00e7\u00f5es Convocados 2\u00ba Lista<\/a><\/strong><\/p>\n<p>&nbsp;<\/p>\n<p>21\/10\/2015 <strong><a href=\"http:\/\/concurso.ifbaiano.edu.br\/portal\/tutores20151\/wp-content\/uploads\/sites\/19\/2011\/04\/resultado.convoca\u00e7\u00e3o-2\u00aa.secretaria.escolar_21_10_2015.pdf\">2\u00aa Lista de Convoca\u00e7\u00e3o dos Candidatos Calssificados<\/a><\/strong><\/p>\n<p>&nbsp;<\/p>\n<p>14\/10\/2015 &#8211; <strong><a href=\"http:\/\/concurso.ifbaiano.edu.br\/portal\/tutores20151\/wp-content\/uploads\/sites\/19\/2011\/04\/Nota-Explicativa2.pdf\">Nota Explicativa &#8211; Lista de Classifica\u00e7\u00e3o Geral<\/a><br \/>\n<\/strong><\/p>\n<p>14\/10\/2015 &#8211; <strong><a href=\"http:\/\/concurso.ifbaiano.edu.br\/portal\/tutores20151\/wp-content\/uploads\/sites\/19\/2011\/04\/Orienta\u00e7\u00f5es-Convocados.pdf\">Orienta\u00e7\u00f5es aos Candidatos Convocados<\/a><br \/>\n<\/strong><\/p>\n<p>13\/10\/2015 &#8211; <strong><a href=\"http:\/\/concurso.ifbaiano.edu.br\/portal\/tutores20151\/wp-content\/uploads\/sites\/19\/2011\/04\/resultado.convoca\u00e7\u00e3o.secretaria.escolar.pdf\">Convoca\u00e7\u00e3o dos Candidatos Classificados <\/a><br \/>\n<\/strong><\/p>\n<p>13\/10\/2015 &#8211; <strong><a href=\"http:\/\/concurso.ifbaiano.edu.br\/portal\/tutores20151\/wp-content\/uploads\/sites\/19\/2011\/04\/resultado.final_.retificado.pdf\">Retifica\u00e7\u00e3o do Resultado Final para o Polo Miguel Calmon <\/a><br \/>\n<\/strong><\/p>\n<p>08\/05\/2015 &#8211; <strong><a href=\"http:\/\/concurso.ifbaiano.edu.br\/portal\/tutores20151\/wp-content\/uploads\/sites\/19\/2015\/05\/resultado.final_.pdf\">Resultado Final <\/a><br \/>\n<\/strong><\/p>\n<p>05\/05\/2015 &#8211; <strong><a href=\"http:\/\/concurso.ifbaiano.edu.br\/portal\/tutores20151\/wp-content\/uploads\/sites\/19\/2011\/04\/Retifica\u00e7\u00e3o-Resultado-Parcial.pdf\">Retifica\u00e7\u00e3o Resultado Parcial<\/a><span style=\"color: red\"><strong>\u00a0<\/strong><\/span><br \/>\n<\/strong><\/p>\n<p>05\/05\/2015 &#8211; <strong><a href=\"http:\/\/concurso.ifbaiano.edu.br\/portal\/tutores20151\/wp-content\/uploads\/sites\/19\/2015\/05\/edital.de_.retificacao.35.pdf\">Edital de Retifica\u00e7\u00e3o n\u00ba 35 <\/a><span style=\"color: red\"><strong>\u00a0<\/strong><\/span><\/strong><\/p>\n<p>30\/04\/2015 &#8211; <strong><a href=\"http:\/\/concurso.ifbaiano.edu.br\/portal\/tutores20151\/wp-content\/uploads\/sites\/19\/2015\/04\/RETIFICACAO-resultado_parcial.pdf\">Retifica\u00e7\u00e3o do resultado Parcial <\/a><span style=\"color: red\"><strong>\u00a0<\/strong><\/span><\/strong><\/p>\n<p>30\/04\/2015 &#8211; <strong><a href=\"http:\/\/concurso.ifbaiano.edu.br\/portal\/tutores20151\/wp-content\/uploads\/sites\/19\/2015\/04\/RETIFICACAO-ANALISE-HOMOLOGADOS1.pdf\">Retifica\u00e7\u00e3o do Resultado\u00a0das inscri\u00e7\u00f5es homologadas <\/a><span style=\"color: red\"><strong>\u00a0<\/strong><\/span><\/strong><\/p>\n<p>30\/04\/2015 &#8211; <strong><a href=\"http:\/\/concurso.ifbaiano.edu.br\/portal\/tutores20151\/wp-content\/uploads\/sites\/19\/2015\/04\/RETIFICACAO-ANALISE-NAO-HOMOLOGADOS.pdf\">Retifica\u00e7\u00e3o do Resultado das inscri\u00e7\u00f5es n\u00e3o-homologadas <\/a><span style=\"color: red\"><strong>\u00a0<\/strong><\/span><\/strong><\/p>\n<p>30\/04\/2015 &#8211; <strong><a href=\"http:\/\/concurso.ifbaiano.edu.br\/portal\/tutores20151\/wp-content\/uploads\/sites\/19\/2015\/04\/nota-de-esclarecimento2.pdf\">Nota de Esclarecimento n\u00ba 02 <\/a><span style=\"color: red\"><strong>\u00a0<\/strong><\/span><\/strong><\/p>\n<p>28\/04\/2015 &#8211; <strong><a href=\"http:\/\/concurso.ifbaiano.edu.br\/portal\/tutores20151\/wp-content\/uploads\/sites\/19\/2011\/04\/resultado_parcial.pdf\">Resultado Parcial<\/a><span style=\"color: red\"><strong>\u00a0<\/strong><\/span><\/strong><\/p>\n<p>22\/04\/2015 &#8211; <strong><a href=\"http:\/\/concurso.ifbaiano.edu.br\/portal\/tutores20151\/wp-content\/uploads\/sites\/19\/2011\/04\/edital.de_.retificacao.33.pdf\">Edital de Retifica\u00e7\u00e3o n\u00ba 33<\/a><\/strong><\/p>\n<p>07\/04\/2015 &#8211; <strong><a href=\"http:\/\/concurso.ifbaiano.edu.br\/portal\/tutores20151\/wp-content\/uploads\/sites\/19\/2015\/04\/resultado.homologacao.pos_.recurso.pdf.pdf\">Resultado da homologa\u00e7\u00e3o p\u00f3s-recursos<\/a><\/strong><\/p>\n<p>27\/03\/2015 &#8211; <strong><a href=\"http:\/\/concurso.ifbaiano.edu.br\/portal\/tutores20151\/wp-content\/uploads\/sites\/19\/2015\/03\/errata.lista_.de_.n.homologados.pdf\">Lista complementar de Inscri\u00e7\u00f5es n\u00e3o-homologadas<\/a><span style=\"color: red\"><strong>\u00a0<\/strong><\/span><\/strong><\/p>\n<p>27\/03\/2015 &#8211; <strong><a href=\"http:\/\/concurso.ifbaiano.edu.br\/portal\/tutores20151\/wp-content\/uploads\/sites\/19\/2015\/03\/analise.homologados.26.03.2015.pdf\">Inscri\u00e7\u00f5es\u00a0<\/a><strong><a href=\"http:\/\/concurso.ifbaiano.edu.br\/portal\/tutores20151\/wp-content\/uploads\/sites\/19\/2015\/03\/analise.homologados.26.03.2015.pdf\">Homologadas<\/a> <\/strong><\/strong><\/p>\n<p>27\/03\/2015 &#8211; <strong><a href=\"http:\/\/concurso.ifbaiano.edu.br\/portal\/tutores20151\/wp-content\/uploads\/sites\/19\/2015\/03\/analise.nao_.homologados.pdf\">Inscri\u00e7\u00f5es\u00a0<\/a><strong><a href=\"http:\/\/concurso.ifbaiano.edu.br\/portal\/tutores20151\/wp-content\/uploads\/sites\/19\/2015\/03\/analise.nao_.homologados.pdf\">N\u00e3o-Homologadas<\/a><span style=\"color: red\"><strong>\u00a0<\/strong><\/span><\/strong><\/strong><\/p>\n<p>27\/03\/2015 &#8211; <strong><a href=\"http:\/\/concurso.ifbaiano.edu.br\/portal\/tutores20151\/wp-content\/uploads\/sites\/19\/2015\/03\/nota.de_.esclarecimento.pdf\">Nota de Esclarecimento <\/a><span style=\"color: red\"><strong>\u00a0<\/strong><\/span><\/strong><\/p>\n<p>27\/03\/2015 &#8211; <strong><a href=\"http:\/\/concurso.ifbaiano.edu.br\/portal\/tutores20151\/wp-content\/uploads\/sites\/19\/2015\/03\/edital.de_.retificacao.291.pdf\">Edital de retifica\u00e7\u00e3o n\u00ba 29 <\/a><\/strong><\/p>\n<p>20\/03\/2015 &#8211; <strong><a href=\"http:\/\/concurso.ifbaiano.edu.br\/portal\/tutores20151\/wp-content\/uploads\/sites\/19\/2011\/04\/homologacao.das_.inscricoes.pdf\">Homologa\u00e7\u00e3o das Inscri\u00e7\u00f5es<\/a>\u00a0<\/strong><span style=\"color: red\"><b>\u00a0<\/b><\/span><\/p>\n<p>18\/03\/2015 &#8211; <strong><a href=\"http:\/\/concurso.ifbaiano.edu.br\/portal\/tutores20151\/wp-content\/uploads\/sites\/19\/2015\/03\/Edital_de_Retificacao_271.pdf\">Edital de Retifica\u00e7\u00e3o n\u00ba 27\/2015<\/a>\u00a0<\/strong><\/p>\n<p>10\/03\/2015 &#8211; <strong><a href=\"http:\/\/concurso.ifbaiano.edu.br\/portal\/tutores20151\/wp-content\/uploads\/sites\/19\/2015\/03\/Edital-de-Retificacao-24.pdf\">Edital de Retifica\u00e7\u00e3o n\u00ba 24\/2015<\/a>\u00a0<\/strong><\/p>\n<p>23\/02\/2015 &#8211; <strong><a href=\"http:\/\/concurso.ifbaiano.edu.br\/portal\/tutores20151\/wp-content\/uploads\/sites\/19\/2011\/04\/Edital-de-Retifica\u00e7\u00e3o-20.pdf\">Edital de Retifica\u00e7\u00e3o n\u00ba 20\/2015<\/a><\/strong><\/p>\n<p>19\/02\/2015 &#8211; <strong><a href=\"http:\/\/concurso.ifbaiano.edu.br\/portal\/tutores20151\/wp-content\/uploads\/sites\/19\/2011\/04\/Edital-de-Retifica\u00e7\u00e3o-17.pdf\">Edital de Retifica\u00e7\u00e3o n\u00ba 17\/2015 <\/a><\/strong><\/p>\n<p>12\/02\/2015 &#8211; <strong><a href=\"http:\/\/concurso.ifbaiano.edu.br\/portal\/tutores20151\/wp-content\/uploads\/sites\/19\/2011\/04\/Edital-2015-Tutores_APROVADO.pdf\">Edital n\u00ba 08\/2015<\/a><\/strong><\/p>\n","protected":false},"excerpt":{"rendered":"<p>06\/01\/2015 &#8211; Nota de Anula\u00e7\u00e3o\u00a0(NOVO) \u00a0 18\/12\/2015 &#8211; Nota Convoca\u00e7\u00e3o N\u00ba.3\u00a0 04\/12\/2015 &#8211; Nota Explicativa 4 01\/12\/2015 &#8211; Nota Convova\u00e7\u00e3o 2 25\/11\/2015 &#8211; Nota Convoca\u00e7\u00e3o 24\/11\/2015 &#8211; Nota Explicativa 13\/11\/2015 &#8211; Nota Explicativa 21\/10\/2015 Convite aos Candidatos da Lista de &hellip; <a href=\"https:\/\/concurso.ifbaiano.edu.br\/portal\/tutores20151\/pagina-inicial\/coluna2\/\">Continue lendo <span class=\"meta-nav\">&rarr;<\/span><\/a><\/p>\n","protected":false},"author":5,"featured_media":0,"parent":8,"menu_order":2,"comment_status":"closed","ping_status":"closed","template":"","meta":[],"_links":{"self":[{"href":"https:\/\/concurso.ifbaiano.edu.br\/portal\/tutores20151\/wp-json\/wp\/v2\/pages\/9"}],"collection":[{"href":"https:\/\/concurso.ifbaiano.edu.br\/portal\/tutores20151\/wp-json\/wp\/v2\/pages"}],"about":[{"href":"https:\/\/concurso.ifbaiano.edu.br\/portal\/tutores20151\/wp-json\/wp\/v2\/types\/page"}],"author":[{"embeddable":true,"href":"https:\/\/concurso.ifbaiano.edu.br\/portal\/tutores20151\/wp-json\/wp\/v2\/users\/5"}],"replies":[{"embeddable":true,"href":"https:\/\/concurso.ifbaiano.edu.br\/portal\/tutores20151\/wp-json\/wp\/v2\/comments?post=9"}],"version-history":[{"count":151,"href":"https:\/\/concurso.ifbaiano.edu.br\/portal\/tutores20151\/wp-json\/wp\/v2\/pages\/9\/revisions"}],"predecessor-version":[{"id":397,"href":"https:\/\/concurso.ifbaiano.edu.br\/portal\/tutores20151\/wp-json\/wp\/v2\/pages\/9\/revisions\/397"}],"up":[{"embeddable":true,"href":"https:\/\/concurso.ifbaiano.edu.br\/portal\/tutores20151\/wp-json\/wp\/v2\/pages\/8"}],"wp:attachment":[{"href":"https:\/\/concurso.ifbaiano.edu.br\/portal\/tutores20151\/wp-json\/wp\/v2\/media?parent=9"}],"curies":[{"name":"wp","href":"https:\/\/api.w.org\/{rel}","templated":true}]}}