{"id":23,"date":"2016-05-31T20:01:01","date_gmt":"2016-05-31T20:01:01","guid":{"rendered":"http:\/\/concurso.ifbaiano.edu.br\/portal\/sisu-2016-2\/?page_id=23"},"modified":"2016-08-11T17:55:52","modified_gmt":"2016-08-11T17:55:52","slug":"coluna2","status":"publish","type":"page","link":"https:\/\/concurso.ifbaiano.edu.br\/portal\/sisu-2016-2\/pagina-inicial\/coluna2\/","title":{"rendered":"Coluna2 &#8211; Informa\u00e7\u00f5es"},"content":{"rendered":"<p class=\"inicial-titulo\" style=\"text-align: left\">Editais e Termo de Ades\u00e3o<\/p>\n<p>27\/05\/2016 &#8211; <a href=\"http:\/\/concurso.ifbaiano.edu.br\/portal\/sisu-2016-2\/wp-content\/uploads\/sites\/37\/2016\/05\/edital_sisu2016_2edicao.pdf\">Edital de Abertura N\u00ba 39\/2016<\/a> <\/p>\n<p>27\/05\/2016 &#8211; <a href=\"http:\/\/concurso.ifbaiano.edu.br\/portal\/sisu-2016-2\/wp-content\/uploads\/sites\/37\/2016\/05\/edital-sisu-retificado.pdf\">Edital Retificado<\/a> <\/p>\n<p>10\/05\/2016 &#8211; <a href=\"http:\/\/concurso.ifbaiano.edu.br\/portal\/sisu-2016-2\/wp-content\/uploads\/sites\/37\/2016\/05\/termo_adesao_2524_sisu.pdf\">Termo de Ades\u00e3o<\/a> <\/p>\n<p class=\"inicial-titulo\" style=\"text-align: left\">Autodeclara\u00e7\u00e3o \u00c9tnico-Racial<\/p>\n<p>27\/05\/2016 &#8211; <a href=\"http:\/\/concurso.ifbaiano.edu.br\/portal\/sisu-2016-2\/wp-content\/uploads\/sites\/37\/2016\/05\/autodeclaracao.pdf\" target=\"_blank\">Formul\u00e1rio Autodeclara\u00e7\u00e3o \u00c9tnico-Racial <\/a><\/p>\n<p class=\"inicial-titulo\" style=\"text-align: left\">Lista de Espera<\/p>\n<p>28\/06\/2016 &#8211; <a href=\"http:\/\/concurso.ifbaiano.edu.br\/portal\/sisu-2016-2\/wp-content\/uploads\/sites\/37\/2016\/06\/Vagas-Lista-de-Espera.pdf\">Quadro Geral de Oferta de Vagas Lista de Espera<\/a> <\/p>\n<p>28\/06\/2016 &#8211; <a href=\"http:\/\/concurso.ifbaiano.edu.br\/portal\/sisu-2016-2\/wp-content\/uploads\/sites\/37\/2016\/06\/AGRO-BJL.pdf\">Bom Jesus da Lapa &#8211; Engenharia Agron\u00f4mica<\/a> <\/p>\n<p>28\/06\/2016 &#8211; <a href=\"http:\/\/concurso.ifbaiano.edu.br\/portal\/sisu-2016-2\/wp-content\/uploads\/sites\/37\/2016\/06\/BIO-SI.pdf\">Santa In\u00eas &#8211; Licenciatura em Biologia<\/a> <\/p>\n<p>28\/06\/2016 &#8211; <a href=\"http:\/\/concurso.ifbaiano.edu.br\/portal\/sisu-2016-2\/wp-content\/uploads\/sites\/37\/2016\/06\/GEO-SI.pdf\">Santa In\u00eas &#8211; Licenciatura em Geografia<\/a> <\/p>\n<p>28\/06\/2016 &#8211; <a href=\"http:\/\/concurso.ifbaiano.edu.br\/portal\/sisu-2016-2\/wp-content\/uploads\/sites\/37\/2016\/06\/ZOO-SI.pdf\">Santa In\u00eas &#8211; Zootecnia<\/a> <\/p>\n<p>07\/07\/2016 &#8211; <a href=\"http:\/\/concurso.ifbaiano.edu.br\/portal\/sisu-2016-2\/wp-content\/uploads\/sites\/37\/2016\/07\/Chamada-Lista-de-Espera.pdf\">Convoca\u00e7\u00e3o e Matr\u00edcula Lista de Espera<\/a> <\/p>\n<p>27\/07\/2016 &#8211; <a href=\"http:\/\/concurso.ifbaiano.edu.br\/portal\/sisu-2016-2\/wp-content\/uploads\/sites\/37\/2016\/07\/Segunda-Chamada-Lista-de-Espera-SI.pdf\">Santa In\u00eas &#8211; Convoca\u00e7\u00e3o Segunda Chamada Lista de Espera &#8211;  Zootecnia<\/a> <\/p>\n<p>08\/08\/2016 &#8211; <a href=\"http:\/\/concurso.ifbaiano.edu.br\/portal\/sisu-2016-2\/wp-content\/uploads\/sites\/37\/2016\/08\/Segunda-Chamada-Lista-de-Espera-SI-BIO-e-GEO.pdf\">Santa In\u00eas &#8211; Convoca\u00e7\u00e3o Segunda Chamada Lista de Espera &#8211; Licenciatura em Biologia e Licenciatura em Geografia<\/a> <\/p>\n<p>11\/08\/2016 &#8211; <a href=\"http:\/\/concurso.ifbaiano.edu.br\/portal\/sisu-2016-2\/wp-content\/uploads\/sites\/37\/2016\/08\/ZOO-SI-Ultima-Convocacao.pdf\">Santa In\u00eas &#8211; Convoca\u00e7\u00e3o \u00daltima Chamada Lista de Espera &#8211;  Zootecnia<\/a> <\/p>\n","protected":false},"excerpt":{"rendered":"<p>Editais e Termo de Ades\u00e3o 27\/05\/2016 &#8211; Edital de Abertura N\u00ba 39\/2016 27\/05\/2016 &#8211; Edital Retificado 10\/05\/2016 &#8211; Termo de Ades\u00e3o Autodeclara\u00e7\u00e3o \u00c9tnico-Racial 27\/05\/2016 &#8211; Formul\u00e1rio Autodeclara\u00e7\u00e3o \u00c9tnico-Racial Lista de Espera 28\/06\/2016 &#8211; Quadro Geral de Oferta de Vagas Lista &hellip; <a href=\"https:\/\/concurso.ifbaiano.edu.br\/portal\/sisu-2016-2\/pagina-inicial\/coluna2\/\">Continue lendo <span class=\"meta-nav\">&rarr;<\/span><\/a><\/p>\n","protected":false},"author":4,"featured_media":0,"parent":20,"menu_order":2,"comment_status":"closed","ping_status":"closed","template":"","meta":[],"_links":{"self":[{"href":"https:\/\/concurso.ifbaiano.edu.br\/portal\/sisu-2016-2\/wp-json\/wp\/v2\/pages\/23"}],"collection":[{"href":"https:\/\/concurso.ifbaiano.edu.br\/portal\/sisu-2016-2\/wp-json\/wp\/v2\/pages"}],"about":[{"href":"https:\/\/concurso.ifbaiano.edu.br\/portal\/sisu-2016-2\/wp-json\/wp\/v2\/types\/page"}],"author":[{"embeddable":true,"href":"https:\/\/concurso.ifbaiano.edu.br\/portal\/sisu-2016-2\/wp-json\/wp\/v2\/users\/4"}],"replies":[{"embeddable":true,"href":"https:\/\/concurso.ifbaiano.edu.br\/portal\/sisu-2016-2\/wp-json\/wp\/v2\/comments?post=23"}],"version-history":[{"count":32,"href":"https:\/\/concurso.ifbaiano.edu.br\/portal\/sisu-2016-2\/wp-json\/wp\/v2\/pages\/23\/revisions"}],"predecessor-version":[{"id":85,"href":"https:\/\/concurso.ifbaiano.edu.br\/portal\/sisu-2016-2\/wp-json\/wp\/v2\/pages\/23\/revisions\/85"}],"up":[{"embeddable":true,"href":"https:\/\/concurso.ifbaiano.edu.br\/portal\/sisu-2016-2\/wp-json\/wp\/v2\/pages\/20"}],"wp:attachment":[{"href":"https:\/\/concurso.ifbaiano.edu.br\/portal\/sisu-2016-2\/wp-json\/wp\/v2\/media?parent=23"}],"curies":[{"name":"wp","href":"https:\/\/api.w.org\/{rel}","templated":true}]}}