{"id":8,"date":"2017-09-01T17:39:15","date_gmt":"2017-09-01T20:39:15","guid":{"rendered":"http:\/\/concurso.ifbaiano.edu.br\/portal\/fic-valenca-setembro-2017\/?page_id=8"},"modified":"2017-10-04T10:32:55","modified_gmt":"2017-10-04T13:32:55","slug":"fic","status":"publish","type":"page","link":"https:\/\/concurso.ifbaiano.edu.br\/portal\/fic-valenca-setembro-2017\/fic\/","title":{"rendered":"Processo Seletivo Cursos FIC Valen\u00e7a"},"content":{"rendered":"<p style=\"text-align: left\">EDITAL N\u00b0 119, DE 04 DE SETEMBRO DE 2017. PROCESSO SELETIVO PARA INGRESSO DE ESTUDANTES NOS CURSOS DE QUALIFICA\u00c7\u00c3O PROFISSIONAL, NA MODALIDADE DE FORMA\u00c7\u00c3O INICIAL E CONTINUADA.<\/p>\n<p style=\"text-align: left\">O Reitor do Instituto Federal de Educa\u00e7\u00e3o, Ci\u00eancia e Tecnologia Baiano &#8211; IF Baiano, no uso da compet\u00eancia delegada pelo Decreto de 13 de mar\u00e7o de 2014, publicado no Di\u00e1rio Oficial da Uni\u00e3o em 14 de mar\u00e7o de 2014, Se\u00e7\u00e3o 2, P\u00e1gina 1, no uso de suas atribui\u00e7\u00f5es legais, torna p\u00fablica a abertura de inscri\u00e7\u00f5es no per\u00edodo de 08 a 19 de setembro de 2017, para provimento de vagas nos cursos de Qualifica\u00e7\u00e3o Profissional, na modalidade de Forma\u00e7\u00e3o Inicial e Continuada \u2013 FIC que ser\u00e3o ofertados no Campus Valen\u00e7a.<\/p>\n<p style=\"text-align: left\"><a href=\"http:\/\/concurso.ifbaiano.edu.br\/portal\/fic-valenca-setembro-2017\/wp-content\/uploads\/sites\/117\/2017\/09\/EDITAL_FIC_CAMPUS_VALEN\u00c7A.pdf\">EDITAL<\/a><\/p>\n<p style=\"text-align: left\"><a href=\"https:\/\/opinanovo.ifbaiano.edu.br\/index.php\/973991\/lang\/pt-BR\/newtest\/Y\">FORMUL\u00c1RIO DE INSCRI\u00c7\u00c3O<\/a><\/p>\n<p style=\"text-align: left\">20\/09\/17 &#8211; \u00a0\u00a0<a href=\"http:\/\/concurso.ifbaiano.edu.br\/portal\/fic-valenca-setembro-2017\/wp-content\/uploads\/sites\/117\/2017\/09\/INSCRI\u00c7\u00d5ES-HOMOLOGADAS.pdf\">INSCRI\u00c7\u00d5ES HOMOLOGADAS<\/a><\/p>\n<p style=\"text-align: left\">25\/09\/17 &#8211; <a href=\"http:\/\/concurso.ifbaiano.edu.br\/portal\/fic-valenca-setembro-2017\/wp-content\/uploads\/sites\/117\/2017\/09\/mem\u00f3ria-de-ata-do-Sorteio.pdf\">Mem\u00f3ria de Ata do Sorteio<\/a><\/p>\n<p>25\/09\/17 &#8211; Lista de classifica\u00e7\u00e3o\u00a0e convoca\u00e7\u00e3o para matr\u00edcula<\/p>\n<p><a href=\"http:\/\/concurso.ifbaiano.edu.br\/portal\/fic-valenca-setembro-2017\/wp-content\/uploads\/sites\/117\/2017\/09\/RESULTADO.pdf\">LISTA DE CLASSIFICA\u00c7\u00c3O e MATR\u00cdCULA<\/a><\/p>\n<p style=\"text-align: left\">25\/09\/17 &#8211; Resultados do Sorteio*:<\/p>\n<p style=\"text-align: left\"><a href=\"http:\/\/concurso.ifbaiano.edu.br\/portal\/fic-valenca-setembro-2017\/wp-content\/uploads\/sites\/117\/2017\/09\/SEMENTE-FABRICA\u00c7\u00c3O-DERIVADOS-DE-LEITE.pdf\">FABRICA\u00c7\u00c3O DERIVADOS DE LEITE<\/a><\/p>\n<p><a href=\"http:\/\/concurso.ifbaiano.edu.br\/portal\/fic-valenca-setembro-2017\/wp-content\/uploads\/sites\/117\/2017\/09\/SEMENTE-HORTICULTOR-ORG\u00c2NICO.pdf\">HORTICULTOR ORG\u00c2NICO<\/a><\/p>\n<p><a href=\"http:\/\/concurso.ifbaiano.edu.br\/portal\/fic-valenca-setembro-2017\/wp-content\/uploads\/sites\/117\/2017\/09\/SEMENTE-LEITURA-PRODU\u00c7\u00c3O-E-REESCRITA-TEXTUAL.pdf\">LEITURA, PRODU\u00c7\u00c3O E REESCRITA TEXTUAL<\/a><\/p>\n<p><a href=\"http:\/\/concurso.ifbaiano.edu.br\/portal\/fic-valenca-setembro-2017\/wp-content\/uploads\/sites\/117\/2017\/09\/SEMENTE-MANEJO-DE-AVES.pdf\">MANEJO DE AVES<\/a><\/p>\n<p><a href=\"http:\/\/concurso.ifbaiano.edu.br\/portal\/fic-valenca-setembro-2017\/wp-content\/uploads\/sites\/117\/2017\/09\/SEMENTE-MATEM\u00c1TICA-ELEMENTAR-PARA-O-CAMPO.pdf\">MATEM\u00c1TICA ELEMENTAR PARA O CAMPO<\/a><\/p>\n<p>* &#8211; a publica\u00e7\u00e3o destas listas \u00e9 para que o candidato tenha acesso \u00e0 ordem do sorteio. Abra a lista de classifica\u00e7\u00e3o e matr\u00edcula, acima, para verificar se foi classificado ou est\u00e1 em lista de espera. Atente-se ao prazo de matr\u00edcula, documentos necess\u00e1rios e abertura de turmas extras.<\/p>\n<p>02\/10\/17 &#8211; Segunda chamada para matr\u00edcula<\/p>\n<p><a href=\"http:\/\/concurso.ifbaiano.edu.br\/portal\/fic-valenca-setembro-2017\/wp-content\/uploads\/sites\/117\/2017\/09\/SEGUNDA-CHAMADA.pdf\">SEGUNDA CHAMADA<\/a><\/p>\n<p>04\/10\/17 &#8211;\u00a0Terceira\u00a0chamada para matr\u00edcula<\/p>\n<p><a href=\"http:\/\/concurso.ifbaiano.edu.br\/portal\/fic-valenca-setembro-2017\/wp-content\/uploads\/sites\/117\/2017\/09\/TERCEIRA-CHAMADA.pdf\">TERCEIRA CHAMADA<\/a><\/p>\n","protected":false},"excerpt":{"rendered":"<p>EDITAL N\u00b0 119, DE 04 DE SETEMBRO DE 2017. PROCESSO SELETIVO PARA INGRESSO DE ESTUDANTES NOS CURSOS DE QUALIFICA\u00c7\u00c3O PROFISSIONAL, NA MODALIDADE DE FORMA\u00c7\u00c3O INICIAL E CONTINUADA. O Reitor do Instituto Federal de Educa\u00e7\u00e3o, Ci\u00eancia e Tecnologia Baiano &#8211; IF &hellip; <a href=\"https:\/\/concurso.ifbaiano.edu.br\/portal\/fic-valenca-setembro-2017\/fic\/\">Continue lendo <span class=\"meta-nav\">&rarr;<\/span><\/a><\/p>\n","protected":false},"author":73,"featured_media":0,"parent":0,"menu_order":0,"comment_status":"closed","ping_status":"closed","template":"","meta":[],"_links":{"self":[{"href":"https:\/\/concurso.ifbaiano.edu.br\/portal\/fic-valenca-setembro-2017\/wp-json\/wp\/v2\/pages\/8"}],"collection":[{"href":"https:\/\/concurso.ifbaiano.edu.br\/portal\/fic-valenca-setembro-2017\/wp-json\/wp\/v2\/pages"}],"about":[{"href":"https:\/\/concurso.ifbaiano.edu.br\/portal\/fic-valenca-setembro-2017\/wp-json\/wp\/v2\/types\/page"}],"author":[{"embeddable":true,"href":"https:\/\/concurso.ifbaiano.edu.br\/portal\/fic-valenca-setembro-2017\/wp-json\/wp\/v2\/users\/73"}],"replies":[{"embeddable":true,"href":"https:\/\/concurso.ifbaiano.edu.br\/portal\/fic-valenca-setembro-2017\/wp-json\/wp\/v2\/comments?post=8"}],"version-history":[{"count":19,"href":"https:\/\/concurso.ifbaiano.edu.br\/portal\/fic-valenca-setembro-2017\/wp-json\/wp\/v2\/pages\/8\/revisions"}],"predecessor-version":[{"id":56,"href":"https:\/\/concurso.ifbaiano.edu.br\/portal\/fic-valenca-setembro-2017\/wp-json\/wp\/v2\/pages\/8\/revisions\/56"}],"wp:attachment":[{"href":"https:\/\/concurso.ifbaiano.edu.br\/portal\/fic-valenca-setembro-2017\/wp-json\/wp\/v2\/media?parent=8"}],"curies":[{"name":"wp","href":"https:\/\/api.w.org\/{rel}","templated":true}]}}